{"id":13082,"date":"2018-08-24T09:22:56","date_gmt":"2018-08-24T07:22:56","guid":{"rendered":"https:\/\/www.semlex.com\/semlex-europe-s-a-privacy-statement\/"},"modified":"2025-01-17T13:09:00","modified_gmt":"2025-01-17T12:09:00","slug":"declaracao-da-semlex-europe-s-a-sobre-a-protecao-da-privacidade","status":"publish","type":"page","link":"https:\/\/www.semlex.com\/pt-pt\/declaracao-da-semlex-europe-s-a-sobre-a-protecao-da-privacidade\/","title":{"rendered":"Declara\u00e7\u00e3o da Semlex Europe S.A. sobre a prote\u00e7\u00e3o da privacidade"},"content":{"rendered":"\n<h1 class=\"wp-block-heading\"><strong>Declara\u00e7\u00e3o da Semlex Europe S.A. sobre a prote\u00e7\u00e3o da privacidade<\/strong><\/h1>\n\n\n\n<p>A Semlex Europe S.A. respeita a legisla\u00e7\u00e3o relativa \u00e0 prote\u00e7\u00e3o da privacidade. Leia abaixo o que isso significa na pr\u00e1tica.<\/p>\n\n\n\n<p><\/p>\n\n\n\n<p><strong>Como a Semlex Europe S.A. recolhe os meus dados pessoais?<\/strong><\/p>\n\n\n\n<p>A Semlex Europe S.A. recolhe apenas dados pessoais fornecidos por si ou por terceiros, no \u00e2mbito de um servi\u00e7o solicitado.<\/p>\n\n\n\n<p><\/p>\n\n\n\n<p><strong>Que dados pessoais s\u00e3o processados?<\/strong><\/p>\n\n\n\n<p>A Semlex Europe S.A. recolhe apenas os dados pessoais necess\u00e1rios para executar um servi\u00e7o solicitado por si (ou que tenha sido solicitado por terceiros).<\/p>\n\n\n\n<p><\/p>\n\n\n\n<p><strong>Em que situa\u00e7\u00f5es s\u00e3o processados os meus dados pessoais?<\/strong><\/p>\n\n\n\n<p>A Semlex Europe S.A. s\u00f3 processa os seus dados nos seguintes casos:<\/p>\n\n\n\n<p>&#8211; Se tiver dado explicitamente a sua permiss\u00e3o; ou<\/p>\n\n\n\n<p>&#8211; Se o processamento for necess\u00e1rio para realizar um servi\u00e7o solicitado; ou<\/p>\n\n\n\n<p>&#8211; Se formos legalmente obrigados a processar os dados; ou<\/p>\n\n\n\n<p>&#8211; Se o processamento for de interesse p\u00fablico ou leg\u00edtimo.<\/p>\n\n\n\n<p><\/p>\n\n\n\n<p><strong>Como s\u00e3o processados os meus dados pessoais?<\/strong><\/p>\n\n\n\n<p>&#8211; Os dados de menores de idade e dados pessoais sens\u00edveis (como um n\u00famero de conta banc\u00e1ria) s\u00e3o sempre tratados confidencialmente e nunca s\u00e3o divulgados.<\/p>\n\n\n\n<p>&#8211; Os seus dados s\u00e3o usados apenas para o servi\u00e7o que tiver solicitado (desde que atenda \u00e0s condi\u00e7\u00f5es descritas no par\u00e1grafo acima): por exemplo, caso se inscreva em uma ou mais newsletters, usamos os seus dados apenas para proceder ao envio. Cada newsletter d\u00e1-lhe a op\u00e7\u00e3o de cancelar a inscri\u00e7\u00e3o.<\/p>\n\n\n\n<p>&#8211; Nunca divulgamos as suas informa\u00e7\u00f5es de contacto a terceiros para fins comerciais.<\/p>\n\n\n\n<p><\/p>\n\n\n\n<p><strong>Por quanto tempo os meus dados pessoais s\u00e3o mantidos?<\/strong><\/p>\n\n\n\n<p>&#8211; Se enviar um pedido de candidatura ou se fizer uma solicita\u00e7\u00e3o de cota\u00e7\u00e3o atrav\u00e9s deste site, manteremos os seus dados pelo tempo necess\u00e1rio para executar corretamente o servi\u00e7o solicitado.<\/p>\n\n\n\n<p>&#8211; A Semlex Europe S.A. pode decidir recolher certos dados agregados a longo prazo, a fim de avaliar e adaptar o seu pr\u00f3prio funcionamento. Nenhuma identifica\u00e7\u00e3o individual \u00e9 aplic\u00e1vel neste caso.<\/p>\n\n\n\n<p><\/p>\n\n\n\n<p><strong>Os meus dados pessoais s\u00e3o mantidos de forma segura?<\/strong><\/p>\n\n\n\n<p>Os seus dados s\u00e3o tratados com seguran\u00e7a. \u00c9 com esse objetivo que usamos diferentes tecnologias e medidas de seguran\u00e7a para proteger adequadamente os seus dados contra qualquer acesso, uso, perda ou divulga\u00e7\u00e3o n\u00e3o autorizada. Estas tecnologias e medidas de seguran\u00e7a s\u00e3o testadas regularmente e, se neccess\u00e1rio, alteradas.<\/p>\n\n\n\n<p><\/p>\n\n\n\n<p><strong>O que posso fazer pessoalmente em rela\u00e7\u00e3o aos meus dados pessoais?<\/strong><\/p>\n\n\n\n<p>&#8211; Se desejar alterar algo nas suas informa\u00e7\u00f5es de contacto, pode entrar em contacto connosco atrav\u00e9s do e-mail <a href=\"mailto:europe@semlex.com\">europe@semlex.com<\/a>.<\/p>\n\n\n\n<p>&#8211; Voc\u00ea tem o direito de ser &#8216;esquecido&#8217;. Para exercer este direito, entre em contacto connosco via europe@semlex.com.<\/p>\n\n\n\n<p>&#8211; Pode consultar a qualquer momento os dados pessoais que a Semlex Europe S.A. processa sobre si e, se necess\u00e1rio, corrigir ou excluir dados imprecisos ou incompletos. Se tiver um perfil online, poder\u00e1 modificar ou excluir os seus pr\u00f3prios dados pessoais.<\/p>\n\n\n\n<p>&#8211; Se concluir que os seus dados est\u00e3o a ser tratados incorretamente, pode apresentar uma reclama\u00e7\u00e3o \u00e0 Comiss\u00e3o de Prote\u00e7\u00e3o da Privacidade.<\/p>\n\n\n\n<p><\/p>\n\n\n\n<p><strong>C\u00f3digo de Conduta<\/strong><\/p>\n\n\n\n<p>Integridade, confian\u00e7a e respeito, qualidade e excel\u00eancia, e respeito pelo meio ambiente&nbsp;: estes s\u00e3o os valores principais da Semlex.<\/p>\n\n\n\n<p>A Semlex sempre se preocupou em fazer respeitar os seus valores tanto internamente (com os seus colaboradores) como externamente (com os seus clientes e fornecedores).<\/p>\n\n\n\n<p>Para difundir e fazer respeitar esses valores, a Semlex estabeleceu um c\u00f3digo de conduta.<\/p>\n\n\n\n<p>Convidamo-lo a consult\u00e1-lo clicando no seguinte link.<\/p>\n\n\n\n<p><\/p>\n\n\n\n<div class=\"wp-block-buttons is-layout-flex wp-block-buttons-is-layout-flex\">\n<div class=\"wp-block-button\"><a class=\"wp-block-button__link wp-element-button\" href=\"https:\/\/www.semlex.com\/wp-content\/uploads\/2025\/01\/en-SEMLEX-GROUP-CODE-DE-CONDUITE-1.pdf\" target=\"_blank\" rel=\"noreferrer noopener\">Nosso C\u00f3digo de Conduta<\/a><\/div>\n<\/div>\n\n\n\n<p><\/p>\n\n\n\n<p><strong>Tem alguma outra pergunta ou coment\u00e1rio?<\/strong><\/p>\n\n\n\n<p>Envie um e-mail para <a href=\"mailto:europe@semlex.com\">europe@semlex.com<\/a>.<\/p>\n","protected":false},"excerpt":{"rendered":"<p>Declara\u00e7\u00e3o da Semlex Europe S.A. sobre a prote\u00e7\u00e3o da privacidade A Semlex Europe S.A. respeita a legisla\u00e7\u00e3o relativa \u00e0 prote\u00e7\u00e3o da privacidade. Leia abaixo o que isso significa na pr\u00e1tica. Como a Semlex Europe S.A. recolhe os meus dados pessoais? A Semlex Europe S.A. recolhe apenas dados pessoais fornecidos por si ou por terceiros, no [&hellip;]<\/p>\n","protected":false},"author":4,"featured_media":0,"parent":0,"menu_order":0,"comment_status":"open","ping_status":"open","template":"template-classique.php","meta":{"_acf_changed":false,"footnotes":""},"class_list":["post-13082","page","type-page","status-publish","hentry"],"acf":[],"yoast_head":"<!-- This site is optimized with the Yoast SEO plugin v25.5 - https:\/\/yoast.com\/wordpress\/plugins\/seo\/ -->\n<title>Declara\u00e7\u00e3o da Semlex Europe S.A. sobre a prote\u00e7\u00e3o da privacidade - Semlex<\/title>\n<meta name=\"description\" content=\"A Semlex Europe S.A. respeita a legisla\u00e7\u00e3o de prote\u00e7\u00e3o da privacidade. Leia abaixo o que isso significa na pr\u00e1tica.\" \/>\n<meta name=\"robots\" content=\"index, follow, max-snippet:-1, max-image-preview:large, max-video-preview:-1\" \/>\n<link rel=\"canonical\" href=\"https:\/\/www.semlex.com\/pt-pt\/declaracao-da-semlex-europe-s-a-sobre-a-protecao-da-privacidade\/\" \/>\n<meta property=\"og:locale\" content=\"pt_PT\" \/>\n<meta property=\"og:type\" content=\"article\" \/>\n<meta property=\"og:title\" content=\"Declara\u00e7\u00e3o da Semlex Europe S.A. sobre a prote\u00e7\u00e3o da privacidade - Semlex\" \/>\n<meta property=\"og:description\" content=\"A Semlex Europe S.A. respeita a legisla\u00e7\u00e3o de prote\u00e7\u00e3o da privacidade. Leia abaixo o que isso significa na pr\u00e1tica.\" \/>\n<meta property=\"og:url\" content=\"https:\/\/www.semlex.com\/pt-pt\/declaracao-da-semlex-europe-s-a-sobre-a-protecao-da-privacidade\/\" \/>\n<meta property=\"og:site_name\" content=\"Semlex\" \/>\n<meta property=\"article:publisher\" content=\"https:\/\/www.facebook.com\/semlexgroup\" \/>\n<meta property=\"article:modified_time\" content=\"2025-01-17T12:09:00+00:00\" \/>\n<meta name=\"twitter:card\" content=\"summary_large_image\" \/>\n<meta name=\"twitter:label1\" content=\"Tempo estimado de leitura\" \/>\n\t<meta name=\"twitter:data1\" content=\"3 minutos\" \/>\n<script type=\"application\/ld+json\" class=\"yoast-schema-graph\">{\"@context\":\"https:\/\/schema.org\",\"@graph\":[{\"@type\":\"WebPage\",\"@id\":\"https:\/\/www.semlex.com\/pt-pt\/declaracao-da-semlex-europe-s-a-sobre-a-protecao-da-privacidade\/\",\"url\":\"https:\/\/www.semlex.com\/pt-pt\/declaracao-da-semlex-europe-s-a-sobre-a-protecao-da-privacidade\/\",\"name\":\"Declara\u00e7\u00e3o da Semlex Europe S.A. sobre a prote\u00e7\u00e3o da privacidade - Semlex\",\"isPartOf\":{\"@id\":\"https:\/\/www.semlex.com\/#website\"},\"datePublished\":\"2018-08-24T07:22:56+00:00\",\"dateModified\":\"2025-01-17T12:09:00+00:00\",\"description\":\"A Semlex Europe S.A. respeita a legisla\u00e7\u00e3o de prote\u00e7\u00e3o da privacidade. Leia abaixo o que isso significa na pr\u00e1tica.\",\"breadcrumb\":{\"@id\":\"https:\/\/www.semlex.com\/pt-pt\/declaracao-da-semlex-europe-s-a-sobre-a-protecao-da-privacidade\/#breadcrumb\"},\"inLanguage\":\"pt-PT\",\"potentialAction\":[{\"@type\":\"ReadAction\",\"target\":[\"https:\/\/www.semlex.com\/pt-pt\/declaracao-da-semlex-europe-s-a-sobre-a-protecao-da-privacidade\/\"]}]},{\"@type\":\"BreadcrumbList\",\"@id\":\"https:\/\/www.semlex.com\/pt-pt\/declaracao-da-semlex-europe-s-a-sobre-a-protecao-da-privacidade\/#breadcrumb\",\"itemListElement\":[{\"@type\":\"ListItem\",\"position\":1,\"name\":\"Home\",\"item\":\"https:\/\/www.semlex.com\/pt-pt\/\"},{\"@type\":\"ListItem\",\"position\":2,\"name\":\"Declara\u00e7\u00e3o da Semlex Europe S.A. sobre a prote\u00e7\u00e3o da privacidade\"}]},{\"@type\":\"WebSite\",\"@id\":\"https:\/\/www.semlex.com\/#website\",\"url\":\"https:\/\/www.semlex.com\/\",\"name\":\"Semlex\",\"description\":\"For a secure world\",\"publisher\":{\"@id\":\"https:\/\/www.semlex.com\/#organization\"},\"potentialAction\":[{\"@type\":\"SearchAction\",\"target\":{\"@type\":\"EntryPoint\",\"urlTemplate\":\"https:\/\/www.semlex.com\/?s={search_term_string}\"},\"query-input\":{\"@type\":\"PropertyValueSpecification\",\"valueRequired\":true,\"valueName\":\"search_term_string\"}}],\"inLanguage\":\"pt-PT\"},{\"@type\":\"Organization\",\"@id\":\"https:\/\/www.semlex.com\/#organization\",\"name\":\"Semlex\",\"url\":\"https:\/\/www.semlex.com\/\",\"logo\":{\"@type\":\"ImageObject\",\"inLanguage\":\"pt-PT\",\"@id\":\"https:\/\/www.semlex.com\/#\/schema\/logo\/image\/\",\"url\":\"https:\/\/www.semlex.com\/wp-content\/uploads\/2022\/12\/logo_semlex.svg\",\"contentUrl\":\"https:\/\/www.semlex.com\/wp-content\/uploads\/2022\/12\/logo_semlex.svg\",\"caption\":\"Semlex\"},\"image\":{\"@id\":\"https:\/\/www.semlex.com\/#\/schema\/logo\/image\/\"},\"sameAs\":[\"https:\/\/www.facebook.com\/semlexgroup\"]}]}<\/script>\n<!-- \/ Yoast SEO plugin. -->","yoast_head_json":{"title":"Declara\u00e7\u00e3o da Semlex Europe S.A. sobre a prote\u00e7\u00e3o da privacidade - Semlex","description":"A Semlex Europe S.A. respeita a legisla\u00e7\u00e3o de prote\u00e7\u00e3o da privacidade. Leia abaixo o que isso significa na pr\u00e1tica.","robots":{"index":"index","follow":"follow","max-snippet":"max-snippet:-1","max-image-preview":"max-image-preview:large","max-video-preview":"max-video-preview:-1"},"canonical":"https:\/\/www.semlex.com\/pt-pt\/declaracao-da-semlex-europe-s-a-sobre-a-protecao-da-privacidade\/","og_locale":"pt_PT","og_type":"article","og_title":"Declara\u00e7\u00e3o da Semlex Europe S.A. sobre a prote\u00e7\u00e3o da privacidade - Semlex","og_description":"A Semlex Europe S.A. respeita a legisla\u00e7\u00e3o de prote\u00e7\u00e3o da privacidade. Leia abaixo o que isso significa na pr\u00e1tica.","og_url":"https:\/\/www.semlex.com\/pt-pt\/declaracao-da-semlex-europe-s-a-sobre-a-protecao-da-privacidade\/","og_site_name":"Semlex","article_publisher":"https:\/\/www.facebook.com\/semlexgroup","article_modified_time":"2025-01-17T12:09:00+00:00","twitter_card":"summary_large_image","twitter_misc":{"Tempo estimado de leitura":"3 minutos"},"schema":{"@context":"https:\/\/schema.org","@graph":[{"@type":"WebPage","@id":"https:\/\/www.semlex.com\/pt-pt\/declaracao-da-semlex-europe-s-a-sobre-a-protecao-da-privacidade\/","url":"https:\/\/www.semlex.com\/pt-pt\/declaracao-da-semlex-europe-s-a-sobre-a-protecao-da-privacidade\/","name":"Declara\u00e7\u00e3o da Semlex Europe S.A. sobre a prote\u00e7\u00e3o da privacidade - Semlex","isPartOf":{"@id":"https:\/\/www.semlex.com\/#website"},"datePublished":"2018-08-24T07:22:56+00:00","dateModified":"2025-01-17T12:09:00+00:00","description":"A Semlex Europe S.A. respeita a legisla\u00e7\u00e3o de prote\u00e7\u00e3o da privacidade. Leia abaixo o que isso significa na pr\u00e1tica.","breadcrumb":{"@id":"https:\/\/www.semlex.com\/pt-pt\/declaracao-da-semlex-europe-s-a-sobre-a-protecao-da-privacidade\/#breadcrumb"},"inLanguage":"pt-PT","potentialAction":[{"@type":"ReadAction","target":["https:\/\/www.semlex.com\/pt-pt\/declaracao-da-semlex-europe-s-a-sobre-a-protecao-da-privacidade\/"]}]},{"@type":"BreadcrumbList","@id":"https:\/\/www.semlex.com\/pt-pt\/declaracao-da-semlex-europe-s-a-sobre-a-protecao-da-privacidade\/#breadcrumb","itemListElement":[{"@type":"ListItem","position":1,"name":"Home","item":"https:\/\/www.semlex.com\/pt-pt\/"},{"@type":"ListItem","position":2,"name":"Declara\u00e7\u00e3o da Semlex Europe S.A. sobre a prote\u00e7\u00e3o da privacidade"}]},{"@type":"WebSite","@id":"https:\/\/www.semlex.com\/#website","url":"https:\/\/www.semlex.com\/","name":"Semlex","description":"For a secure world","publisher":{"@id":"https:\/\/www.semlex.com\/#organization"},"potentialAction":[{"@type":"SearchAction","target":{"@type":"EntryPoint","urlTemplate":"https:\/\/www.semlex.com\/?s={search_term_string}"},"query-input":{"@type":"PropertyValueSpecification","valueRequired":true,"valueName":"search_term_string"}}],"inLanguage":"pt-PT"},{"@type":"Organization","@id":"https:\/\/www.semlex.com\/#organization","name":"Semlex","url":"https:\/\/www.semlex.com\/","logo":{"@type":"ImageObject","inLanguage":"pt-PT","@id":"https:\/\/www.semlex.com\/#\/schema\/logo\/image\/","url":"https:\/\/www.semlex.com\/wp-content\/uploads\/2022\/12\/logo_semlex.svg","contentUrl":"https:\/\/www.semlex.com\/wp-content\/uploads\/2022\/12\/logo_semlex.svg","caption":"Semlex"},"image":{"@id":"https:\/\/www.semlex.com\/#\/schema\/logo\/image\/"},"sameAs":["https:\/\/www.facebook.com\/semlexgroup"]}]}},"_links":{"self":[{"href":"https:\/\/www.semlex.com\/pt-pt\/wp-json\/wp\/v2\/pages\/13082","targetHints":{"allow":["GET"]}}],"collection":[{"href":"https:\/\/www.semlex.com\/pt-pt\/wp-json\/wp\/v2\/pages"}],"about":[{"href":"https:\/\/www.semlex.com\/pt-pt\/wp-json\/wp\/v2\/types\/page"}],"author":[{"embeddable":true,"href":"https:\/\/www.semlex.com\/pt-pt\/wp-json\/wp\/v2\/users\/4"}],"replies":[{"embeddable":true,"href":"https:\/\/www.semlex.com\/pt-pt\/wp-json\/wp\/v2\/comments?post=13082"}],"version-history":[{"count":9,"href":"https:\/\/www.semlex.com\/pt-pt\/wp-json\/wp\/v2\/pages\/13082\/revisions"}],"predecessor-version":[{"id":15172,"href":"https:\/\/www.semlex.com\/pt-pt\/wp-json\/wp\/v2\/pages\/13082\/revisions\/15172"}],"wp:attachment":[{"href":"https:\/\/www.semlex.com\/pt-pt\/wp-json\/wp\/v2\/media?parent=13082"}],"curies":[{"name":"wp","href":"https:\/\/api.w.org\/{rel}","templated":true}]}}