{"id":12581,"date":"2022-07-18T07:55:35","date_gmt":"2022-07-18T05:55:35","guid":{"rendered":"https:\/\/www.semlex.com\/home\/"},"modified":"2025-09-01T14:14:06","modified_gmt":"2025-09-01T12:14:06","slug":"home","status":"publish","type":"page","link":"https:\/\/www.semlex.com\/pt-pt\/","title":{"rendered":"Home"},"content":{"rendered":"\n<section class=\"video_hero header_top\">\n\t\t\t<video class=\"test\" autoplay muted loop playsinline ?>&#8220;>\n\t\t\t\t\t<source src=\"https:\/\/www.semlex.com\/wp-content\/themes\/deligraph_semlex\/resources\/video\/Semlex_Homecover_hero.mp4\" type=\"video\/mp4\">\n\t\t\t\tYour browser does not support the video tag.\n\t\t\t<\/video>\n\t\t\t<div class=\"hero_content\">\n\n\t\t\t\t<h1 class=\"text-center text-white\">PARA UM MUNDO SEGURO <\/h1>\n\t\t\t\t<p class=\"text-center text-white\" >Aconselhamos e apoiamos os governos nas \u00e1reas da identifica\u00e7\u00e3o biom\u00e9trica e da seguran\u00e7a digital. <\/p>\n\t\t\t\t<a class=\"text-center mx-auto w-fit text-white\"  href=\"https:\/\/www.semlex.com\/pt-pt\/a-propos\/\">Sobre n\u00f3s<\/a>\n\t\t\t<\/div>\n<\/section>\n\n\n\n<section class=\"path_selector\">\n\t<h2>A Semlex fornece solu\u00e7\u00f5es seguras para a identifica\u00e7\u00e3o de popula\u00e7\u00f5es atrav\u00e9s da biometria<\/h2>\n\t<p>A miss\u00e3o da Semlex \u00e9 garantir a cada cidad\u00e3o a seguran\u00e7a da sua identidade.<\/p>\n\t<div class=\"ctas\">\n\t\t<a class=\"cta_blue\" href=\"https:\/\/www.semlex.com\/pt-pt\/solutions\/parcours\/#citizen_path\">\n\t\t\tSou um cidad\u00e3o\t\t<\/a>\n\t\t<a class=\"cta_blue\" href=\"https:\/\/www.semlex.com\/pt-pt\/solutions\/parcours\/#government_path\">\n\t\t\tSou um governo\t\t<\/a>\n\t<\/div>\n<\/section>\n\n\n<section class=\"services_hero\">\n\t\t\t<video class=\"test\" autoplay muted loop playsinline ?>&#8220;>\n\t\t\t\t\t<source src=\"https:\/\/www.semlex.com\/wp-content\/themes\/deligraph_semlex\/resources\/video\/Semlex_services_hero.mp4\" type=\"video\/mp4\">\n\t\t\t\tYour browser does not support the video tag.\n\t\t\t<\/video>\n\t\t\t<div class=\"hero_content\">\n\t\t\t\t<!-- <h4>Semlex Worlwide<\/h4> -->\n\t\t\t\t<h2 class=\"text-center text-white\">Os nossos produtos<\/h2>\n\t\t\t\t<p class=\"text-center text-white\" >Temos a capacidade de fornecer solu\u00e7\u00f5es BOT (Build, Operate, Transfer) ou PPP (Parceria P\u00fablico-Privada).<\/p>\n\t\t\t\t<div class=\"services\">\n\t\t\t\n\t\t\t\t\t\t\t\t\t\t\t\t<div class=\"service\">\n\t\t\t\t\t\t\t\t<img decoding=\"async\" class=\"service-icon\" src=\"https:\/\/www.semlex.com\/wp-content\/uploads\/2023\/02\/icon_carte_2-2.png\" alt=\"\">\n\t\t\t\t\t\t\t\t<h3>CART\u00d5ES<\/h3>\n\t\t\t\t\t\t\t\t\t\n\t\t\t\t\t\t\t<\/div>\n\t\t\t\t\t\t\t\t\t\t\t\t\t\t<div class=\"service\">\n\t\t\t\t\t\t\t\t<img decoding=\"async\" class=\"service-icon\" src=\"https:\/\/www.semlex.com\/wp-content\/uploads\/2022\/12\/icon_passeport.png\" alt=\"\">\n\t\t\t\t\t\t\t\t<h3>PASSAPORTES E VISTOS<\/h3>\n\t\t\t\t\t\t\t\t\t\n\t\t\t\t\t\t\t<\/div>\n\t\t\t\t\t\t\t\t\t\t\t\t\t\t<div class=\"service\">\n\t\t\t\t\t\t\t\t<img decoding=\"async\" class=\"service-icon\" src=\"https:\/\/www.semlex.com\/wp-content\/uploads\/2022\/12\/icon_certificat.png\" alt=\"\">\n\t\t\t\t\t\t\t\t<h3>ATOS DO REGISTO CIVIL E CERTID\u00d5ES<\/h3>\n\t\t\t\t\t\t\t\t\t\n\t\t\t\t\t\t\t<\/div>\n\t\t\t\t\t\t\t\t\t\t\t\t\t\t<div class=\"service\">\n\t\t\t\t\t\t\t\t<img decoding=\"async\" class=\"service-icon\" src=\"https:\/\/www.semlex.com\/wp-content\/uploads\/2022\/12\/icon_etatCivil.png\" alt=\"\">\n\t\t\t\t\t\t\t\t<h3>SISTEMA DE REGISTO CIVIL<\/h3>\n\t\t\t\t\t\t\t\t\t\n\t\t\t\t\t\t\t<\/div>\n\t\t\t\t\t\t\t\t\t\t\t\t\t\t<div class=\"service\">\n\t\t\t\t\t\t\t\t<img decoding=\"async\" class=\"service-icon\" src=\"https:\/\/www.semlex.com\/wp-content\/uploads\/2022\/12\/icon_identification.png\" alt=\"\">\n\t\t\t\t\t\t\t\t<h3>identifica\u00e7\u00e3o biom\u00e9trica<\/h3>\n\t\t\t\t\t\t\t\t\t\n\t\t\t\t\t\t\t<\/div>\n\t\t\t\t\t\t\t\t\t\t\t\t\t\t<div class=\"service\">\n\t\t\t\t\t\t\t\t<img decoding=\"async\" class=\"service-icon\" src=\"https:\/\/www.semlex.com\/wp-content\/uploads\/2022\/12\/icon_stackTrace.png\" alt=\"\">\n\t\t\t\t\t\t\t\t<h3>SISTEMA TRACK AND TRACE<\/h3>\n\t\t\t\t\t\t\t\t\t\n\t\t\t\t\t\t\t<\/div>\n\t\t\t\t\t\t\t\t\t\t\t\t\t\t\n\t\t\t\t<\/div>\n\t\t\t\t<a class=\"mt-16 cta_white text-center mx-auto w-fit text-white\"  href=\"https:\/\/www.semlex.com\/pt-pt\/produits\/\">\n\t\t\t\t\t\t\t\t\t\t\t\tTodos os nossos produtos e servi\u00e7os\n\t\t\t\t\t\t\t\t\t\t<\/a>\n\t\t\t<\/div>\n<\/section>\n\n\n\n\t\n\n<section class=\"video_gallery\">\n\n\t\t<div class=\"video_cards\">\n\t\t\t\t<div class=\"swiper video_swiper\">\n\t\t\t\t\t\t<!-- Additional required wrapper -->\n\t\t\t\t\t\t<div class=\"swiper-wrapper\">\n\t\t\t\t\t\t\n\t\t\t\t\t\t\t\t\t\t\t\t\t\t\t\t\t\t\t<div class=\"swiper-slide video_card\">\n\t\t\t\t\t\t\t\t\t\t\t\t<iframe class=\"youtube_iframe_video\" width=\"560\"  src=\"https:\/\/www.youtube.com\/embed\/Yg3gD9BTQ3g\" title=\"YouTube video player\" frameborder=\"0\" allow=\"accelerometer; autoplay; clipboard-write; encrypted-media; gyroscope; picture-in-picture\" allowfullscreen><\/iframe>\n\n\t\t\t\t\t\t\t\t\t\t\t\t<h4 class=\"video_title\">Quem somos n\u00f3s?<\/h4>\n\t\t\t\t\t\t\t\t\t\t\t\t<p class=\"video_description\">Assumindo um papel pioneiro em solu\u00e7\u00f5es de identifica\u00e7\u00e3o, a Semlex oferece solu\u00e7\u00f5es globais capazes de garantir a seguran\u00e7a de todos os aspetos do processo de identifica\u00e7\u00e3o da popula\u00e7\u00e3o.<\/p>\n\t\t\t\t\t\t\t\t\t\t\n\t\t\t\t\t\t\t\t\t\t\t<\/div>\n\t\t\t\t\t\t\t\t\t\t\t\t\t\t\t\t\t\t\t\t<div class=\"swiper-slide video_card\">\n\t\t\t\t\t\t\t\t\t\t\t\t<iframe class=\"youtube_iframe_video\" width=\"560\"  src=\"https:\/\/www.youtube.com\/embed\/UMalMQ_B73A\" title=\"YouTube video player\" frameborder=\"0\" allow=\"accelerometer; autoplay; clipboard-write; encrypted-media; gyroscope; picture-in-picture\" allowfullscreen><\/iframe>\n\n\t\t\t\t\t\t\t\t\t\t\t\t<h4 class=\"video_title\">A Semlex na Costa do Marfim<\/h4>\n\t\t\t\t\t\t\t\t\t\t\t\t<p class=\"video_description\">Desde 2019, a Semlex \u00e9 o parceiro oficial da Costa do Marfim para a implementa\u00e7\u00e3o do RNPP : o Registo nacional de pessoas singulares. <\/p>\n\t\t\t\t\t\t\t\t\t\t\n\t\t\t\t\t\t\t\t\t\t\t<\/div>\n\t\t\t\t\t\t\t\t\t\t\t\t\t\t\t\t\t\t\t\t<div class=\"swiper-slide video_card\">\n\t\t\t\t\t\t\t\t\t\t\t\t<iframe class=\"youtube_iframe_video\" width=\"560\"  src=\"https:\/\/www.youtube.com\/embed\/mJFE7bGLp88\" title=\"YouTube video player\" frameborder=\"0\" allow=\"accelerometer; autoplay; clipboard-write; encrypted-media; gyroscope; picture-in-picture\" allowfullscreen><\/iframe>\n\n\t\t\t\t\t\t\t\t\t\t\t\t<h4 class=\"video_title\">Semlex For Education<\/h4>\n\t\t\t\t\t\t\t\t\t\t\t\t<p class=\"video_description\">A Semlex For Education \u00e9 uma funda\u00e7\u00e3o da Semlex que visa reduzir as desigualdades socioecon\u00f3micas atrav\u00e9s do apoio ao ensino escolar e profissional.<\/p>\n\t\t\t\t\t\t\t\t\t\t\n\t\t\t\t\t\t\t\t\t\t\t<\/div>\n\t\t\t\t\t\t\t\t\t\t\t\t\t\t\t\n\n\t\t\t\t\t\t<\/div>\n\t\t\t\t\t\t<!-- If we need pagination -->\n\t\t\t\t\t\t<div class=\"swiper-pagination\"><\/div>\n\n\t\t\t\t\t\t<!-- If we need navigation buttons -->\n\t\t\t\t\t\t<!-- <div class=\"swiper-button-prev\">Next<\/div>\n\t\t\t\t\t\t<div class=\"swiper-button-next\"><\/div> -->\n\n\t\t\t\t<\/div>\n\n\t\t\t\t\n\t\t<\/div>\n\t\t<div class=\"section_details\">\n\t\t\t\t<h5 class=\"subtitle\"><\/h5>\n\t\t\t\t<h2 class=\"title\">A Semlex em imagens<\/h2>\n\t\t\t\t<p class=\"text\">Saiba mais sobre a Semlex atrav\u00e9s de v\u00eddeos filmados no terreno.<\/p>\n\t\t\t\t<!-- <a class=\"cta_blue\" href=\"https:\/\/www.semlex.com\/secrets\/\"> -->\n\t\t\t\t<a class=\"cta_blue\" href=\"https:\/\/www.youtube.com\/channel\/UC62AdZwHFLTHNuR8-CQBNXw\/videos?view=0&#038;sort=dd\">\n\t\t\t\t\t\t\t\t\t\t\t\tA Semlex no YouTube\n\t\t\t\t\t\t\t\t\t\n\t\t\t\t<\/a>\n\t\t<\/div> \n\n<\/section>\n\n\n\n\n\n<section class=\"latest_articles\">\n\t<div class=\"section_container\">\n\t\t\t<div class=\"section_details\">\n\t\t\t\t<h5 class=\"subtitle\">A SEMLEX NO MUNDO<\/h5>\n\t\t\t\t<h2 class=\"title\">As nossas not\u00edcias mais recentes<\/h2>\n\t\t\t\t<p class=\"text\">Fique atento e acompanhe-nos atrav\u00e9s da leitura das nossas not\u00edcias mais recentes.<\/p>\n\t\t\t\t<!-- <a class=\"cta_blue\" href=\"https:\/\/www.semlex.com\/secrets\/\"> -->\n\t\t\t\t<a class=\"cta_blue\" href=\"https:\/\/www.semlex.com\/pt-pt\/actualites\/\">\n\t\t\t\t\t\t\t\t\t\t\t\tTodos os artigos\n\t\t\t\t\t\t\t\t\t\t<\/a>\n\t\t\t<\/div>\n\t\t\t<div class=\"latest_articles_posts\">\n\n\n\t\t\t<div class=\"swiper latest_swiper\">\n\n\t\t\t\t\t<div class=\"swiper-wrapper\">\n\t\t\t\t\t\t\t<!-- Slides -->\n\t\t\t\t\t\t\t\t\t\t\t\t\t\t\t\t\t\t\t<div class=\"swiper-slide post-card\">\n\t\t\t\t\t\t\t\t\t\t\t\t\t\t\t<img loading=\"lazy\" decoding=\"async\" width=\"1024\" height=\"683\" src=\"https:\/\/www.semlex.com\/wp-content\/uploads\/2026\/04\/semlex-cote-divoire-dons-4-1024x683.jpg\" class=\"article_thumbnail wp-post-image\" alt=\"\" srcset=\"https:\/\/www.semlex.com\/wp-content\/uploads\/2026\/04\/semlex-cote-divoire-dons-4-1024x683.jpg 1024w, https:\/\/www.semlex.com\/wp-content\/uploads\/2026\/04\/semlex-cote-divoire-dons-4-300x200.jpg 300w, https:\/\/www.semlex.com\/wp-content\/uploads\/2026\/04\/semlex-cote-divoire-dons-4-768x512.jpg 768w, https:\/\/www.semlex.com\/wp-content\/uploads\/2026\/04\/semlex-cote-divoire-dons-4-1536x1024.jpg 1536w, https:\/\/www.semlex.com\/wp-content\/uploads\/2026\/04\/semlex-cote-divoire-dons-4-2048x1365.jpg 2048w\" sizes=\"auto, (max-width: 1024px) 100vw, 1024px\" \/>\t\t\t\t\t\t\t\t\t\t\t\t\t\t\t\t\n\t\t\t\t\t\t\t\t\t\t\t\t\t\t\t\t<div class=\"article_details\">\n\t\t\t\t\t\t\t\t\t\t\t\t\t\t\t\t\t<h3 class=\"article_title\"><a href=\"https:\/\/www.semlex.com\/pt-pt\/2026\/04\/15\/soutien-a-leducation-en-cote-divoire\/\">Apoio \u00e0 educa\u00e7\u00e3o na Costa do Marfim<\/a><\/h3>\n\t\t\t\t\t\t\t\t\t\t\t\t\t\t\t\t\t<p class=\"article_excerpt\">Na sexta-feira, 27 de mar\u00e7o de 2026, a Semlex Costa do Marfim, por meio da sua funda\u00e7\u00e3o Semlex For Education, procedeu \u00e0 entrega de mate&#8230;<\/p>\n\t\t\t\t\t\t\t\t\t\t\t\t\t\t\t\t\t<a class=\"article_read_more\"  href=\"https:\/\/www.semlex.com\/pt-pt\/2026\/04\/15\/soutien-a-leducation-en-cote-divoire\/\">\n\t\t\t\t\t\t\t\t\t\t\t\t\t\t\t\t\t\t\t\t\t\t\t\t\t\t\t\t\t\t\t\t\t\t<\/a>\n\t\t\t\t\t\t\t\t\t\t\t\t\t\t\t\t<\/div>\n\t\t\t\t\t\t\t\t\t\t\t\t<\/div> \n\t\t\t\t\t\t\t\t\t\t\t\t\t\t\t\t\t\t\t\t\t\t\t<div class=\"swiper-slide post-card\">\n\t\t\t\t\t\t\t\t\t\t\t\t\t\t\t<img loading=\"lazy\" decoding=\"async\" width=\"1024\" height=\"768\" src=\"https:\/\/www.semlex.com\/wp-content\/uploads\/2026\/03\/semlex-guinee-bissau-enrolement-identite-biometrique-1024x768.jpeg\" class=\"article_thumbnail wp-post-image\" alt=\"\" srcset=\"https:\/\/www.semlex.com\/wp-content\/uploads\/2026\/03\/semlex-guinee-bissau-enrolement-identite-biometrique-1024x768.jpeg 1024w, https:\/\/www.semlex.com\/wp-content\/uploads\/2026\/03\/semlex-guinee-bissau-enrolement-identite-biometrique-300x225.jpeg 300w, https:\/\/www.semlex.com\/wp-content\/uploads\/2026\/03\/semlex-guinee-bissau-enrolement-identite-biometrique-768x576.jpeg 768w, https:\/\/www.semlex.com\/wp-content\/uploads\/2026\/03\/semlex-guinee-bissau-enrolement-identite-biometrique.jpeg 1080w\" sizes=\"auto, (max-width: 1024px) 100vw, 1024px\" \/>\t\t\t\t\t\t\t\t\t\t\t\t\t\t\t\t\n\t\t\t\t\t\t\t\t\t\t\t\t\t\t\t\t<div class=\"article_details\">\n\t\t\t\t\t\t\t\t\t\t\t\t\t\t\t\t\t<h3 class=\"article_title\"><a href=\"https:\/\/www.semlex.com\/pt-pt\/2026\/03\/09\/inauguration-du-centre-denrolement-de-sao-domingos\/\">Inaugura\u00e7\u00e3o do centro de registo de S\u00e3o Domingos<\/a><\/h3>\n\t\t\t\t\t\t\t\t\t\t\t\t\t\t\t\t\t<p class=\"article_excerpt\">A nossa filial Semlex Guin\u00e9-Bissau realizou, na quinta-feira, 26 de fevereiro de 2026, a inaugura\u00e7\u00e3o oficial do novo centro de registo bi&#8230;<\/p>\n\t\t\t\t\t\t\t\t\t\t\t\t\t\t\t\t\t<a class=\"article_read_more\"  href=\"https:\/\/www.semlex.com\/pt-pt\/2026\/03\/09\/inauguration-du-centre-denrolement-de-sao-domingos\/\">\n\t\t\t\t\t\t\t\t\t\t\t\t\t\t\t\t\t\t\t\t\t\t\t\t\t\t\t\t\t\t\t\t\t\t<\/a>\n\t\t\t\t\t\t\t\t\t\t\t\t\t\t\t\t<\/div>\n\t\t\t\t\t\t\t\t\t\t\t\t<\/div> \n\t\t\t\t\t\t\t\t\t\t\t\t\t\t\t\t\t\t\t\t\t\t\t<div class=\"swiper-slide post-card\">\n\t\t\t\t\t\t\t\t\t\t\t\t\t\t\t<img loading=\"lazy\" decoding=\"async\" width=\"1024\" height=\"576\" src=\"https:\/\/www.semlex.com\/wp-content\/uploads\/2026\/03\/semlex-id4africa-cote-divoire-abidjan-identite1-1024x576.png\" class=\"article_thumbnail wp-post-image\" alt=\"\" srcset=\"https:\/\/www.semlex.com\/wp-content\/uploads\/2026\/03\/semlex-id4africa-cote-divoire-abidjan-identite1-1024x576.png 1024w, https:\/\/www.semlex.com\/wp-content\/uploads\/2026\/03\/semlex-id4africa-cote-divoire-abidjan-identite1-300x169.png 300w, https:\/\/www.semlex.com\/wp-content\/uploads\/2026\/03\/semlex-id4africa-cote-divoire-abidjan-identite1-768x432.png 768w, https:\/\/www.semlex.com\/wp-content\/uploads\/2026\/03\/semlex-id4africa-cote-divoire-abidjan-identite1-1536x864.png 1536w, https:\/\/www.semlex.com\/wp-content\/uploads\/2026\/03\/semlex-id4africa-cote-divoire-abidjan-identite1-2048x1151.png 2048w\" sizes=\"auto, (max-width: 1024px) 100vw, 1024px\" \/>\t\t\t\t\t\t\t\t\t\t\t\t\t\t\t\t\n\t\t\t\t\t\t\t\t\t\t\t\t\t\t\t\t<div class=\"article_details\">\n\t\t\t\t\t\t\t\t\t\t\t\t\t\t\t\t\t<h3 class=\"article_title\"><a href=\"https:\/\/www.semlex.com\/pt-pt\/2026\/03\/02\/id4africa-2026\/\">ID4Africa 2026<\/a><\/h3>\n\t\t\t\t\t\t\t\t\t\t\t\t\t\t\t\t\t<p class=\"article_excerpt\">A Semlex anuncia a sua participa\u00e7\u00e3o na edi\u00e7\u00e3o de 2026 da ID4Africa, o evento de refer\u00eancia dedicado aos desafios estrat\u00e9gicos da ident&#8230;<\/p>\n\t\t\t\t\t\t\t\t\t\t\t\t\t\t\t\t\t<a class=\"article_read_more\"  href=\"https:\/\/www.semlex.com\/pt-pt\/2026\/03\/02\/id4africa-2026\/\">\n\t\t\t\t\t\t\t\t\t\t\t\t\t\t\t\t\t\t\t\t\t\t\t\t\t\t\t\t\t\t\t\t\t\t<\/a>\n\t\t\t\t\t\t\t\t\t\t\t\t\t\t\t\t<\/div>\n\t\t\t\t\t\t\t\t\t\t\t\t<\/div> \n\t\t\t\t\t\t\t\t\t\t\t\t\t\t\t\t\t\t\t\t\t\t\t<div class=\"swiper-slide post-card\">\n\t\t\t\t\t\t\t\t\t\t\t\t\t\t\t<img loading=\"lazy\" decoding=\"async\" width=\"1024\" height=\"768\" src=\"https:\/\/www.semlex.com\/wp-content\/uploads\/2026\/02\/semlex-guinee-bissau-biometrie-centres-enrolement-identite-1024x768.jpeg\" class=\"article_thumbnail wp-post-image\" alt=\"\" srcset=\"https:\/\/www.semlex.com\/wp-content\/uploads\/2026\/02\/semlex-guinee-bissau-biometrie-centres-enrolement-identite-1024x768.jpeg 1024w, https:\/\/www.semlex.com\/wp-content\/uploads\/2026\/02\/semlex-guinee-bissau-biometrie-centres-enrolement-identite-300x225.jpeg 300w, https:\/\/www.semlex.com\/wp-content\/uploads\/2026\/02\/semlex-guinee-bissau-biometrie-centres-enrolement-identite-768x576.jpeg 768w, https:\/\/www.semlex.com\/wp-content\/uploads\/2026\/02\/semlex-guinee-bissau-biometrie-centres-enrolement-identite.jpeg 1080w\" sizes=\"auto, (max-width: 1024px) 100vw, 1024px\" \/>\t\t\t\t\t\t\t\t\t\t\t\t\t\t\t\t\n\t\t\t\t\t\t\t\t\t\t\t\t\t\t\t\t<div class=\"article_details\">\n\t\t\t\t\t\t\t\t\t\t\t\t\t\t\t\t\t<h3 class=\"article_title\"><a href=\"https:\/\/www.semlex.com\/pt-pt\/2026\/02\/11\/semlex-guinee-bissau-renforce-lacces-a-lidentification-biometrique\/\">Semlex Guin\u00e9-Bissau refor\u00e7a o acesso \u00e0 identifica\u00e7\u00e3o biom\u00e9trica<\/a><\/h3>\n\t\t\t\t\t\t\t\t\t\t\t\t\t\t\t\t\t<p class=\"article_excerpt\">A cidade de Safim, na regi\u00e3o de Biombo, disp\u00f5e agora de um novo centro de produ\u00e7\u00e3o de Cart\u00f5es de Identidade Nacionais biom\u00e9tricos (CNI&#8230;<\/p>\n\t\t\t\t\t\t\t\t\t\t\t\t\t\t\t\t\t<a class=\"article_read_more\"  href=\"https:\/\/www.semlex.com\/pt-pt\/2026\/02\/11\/semlex-guinee-bissau-renforce-lacces-a-lidentification-biometrique\/\">\n\t\t\t\t\t\t\t\t\t\t\t\t\t\t\t\t\t\t\t\t\t\t\t\t\t\t\t\t\t\t\t\t\t\t<\/a>\n\t\t\t\t\t\t\t\t\t\t\t\t\t\t\t\t<\/div>\n\t\t\t\t\t\t\t\t\t\t\t\t<\/div> \n\t\t\t\t\t\t\t\t\t\t\t\t\t\t\t\t\t\t\t\t\t\t\t<div class=\"swiper-slide post-card\">\n\t\t\t\t\t\t\t\t\t\t\t\t\t\t\t<img loading=\"lazy\" decoding=\"async\" width=\"1024\" height=\"683\" src=\"https:\/\/www.semlex.com\/wp-content\/uploads\/2025\/10\/semlex-cote-divoire-certification-artci-1-1024x683.jpg\" class=\"article_thumbnail wp-post-image\" alt=\"\" srcset=\"https:\/\/www.semlex.com\/wp-content\/uploads\/2025\/10\/semlex-cote-divoire-certification-artci-1-1024x683.jpg 1024w, https:\/\/www.semlex.com\/wp-content\/uploads\/2025\/10\/semlex-cote-divoire-certification-artci-1-300x200.jpg 300w, https:\/\/www.semlex.com\/wp-content\/uploads\/2025\/10\/semlex-cote-divoire-certification-artci-1-768x512.jpg 768w, https:\/\/www.semlex.com\/wp-content\/uploads\/2025\/10\/semlex-cote-divoire-certification-artci-1-1536x1024.jpg 1536w, https:\/\/www.semlex.com\/wp-content\/uploads\/2025\/10\/semlex-cote-divoire-certification-artci-1.jpg 1600w\" sizes=\"auto, (max-width: 1024px) 100vw, 1024px\" \/>\t\t\t\t\t\t\t\t\t\t\t\t\t\t\t\t\n\t\t\t\t\t\t\t\t\t\t\t\t\t\t\t\t<div class=\"article_details\">\n\t\t\t\t\t\t\t\t\t\t\t\t\t\t\t\t\t<h3 class=\"article_title\"><a href=\"https:\/\/www.semlex.com\/pt-pt\/2025\/10\/02\/certification-artci-pour-semlex\/\">Semlex Costa do Marfim obt\u00e9m a certifica\u00e7\u00e3o da ARTCI<\/a><\/h3>\n\t\t\t\t\t\t\t\t\t\t\t\t\t\t\t\t\t<p class=\"article_excerpt\">A Semlex Costa do Marfim acaba de alcan\u00e7ar um marco decisivo em termos de conformidade e ciberseguran\u00e7a: a nossa filial recebeu oficialmen&#8230;<\/p>\n\t\t\t\t\t\t\t\t\t\t\t\t\t\t\t\t\t<a class=\"article_read_more\"  href=\"https:\/\/www.semlex.com\/pt-pt\/2025\/10\/02\/certification-artci-pour-semlex\/\">\n\t\t\t\t\t\t\t\t\t\t\t\t\t\t\t\t\t\t\t\t\t\t\t\t\t\t\t\t\t\t\t\t\t\t<\/a>\n\t\t\t\t\t\t\t\t\t\t\t\t\t\t\t\t<\/div>\n\t\t\t\t\t\t\t\t\t\t\t\t<\/div> \n\t\t\t\t\t\t\t\t\t\t\t\t\t\t\t\t\t\t\t\t\t\t\t<div class=\"swiper-slide post-card\">\n\t\t\t\t\t\t\t\t\t\t\t\t\t\t\t<img loading=\"lazy\" decoding=\"async\" width=\"1024\" height=\"431\" src=\"https:\/\/www.semlex.com\/wp-content\/uploads\/2025\/09\/SEMLEX_ZAMBIA_DGA-1377-x-580-px-1024x431.png\" class=\"article_thumbnail wp-post-image\" alt=\"\" srcset=\"https:\/\/www.semlex.com\/wp-content\/uploads\/2025\/09\/SEMLEX_ZAMBIA_DGA-1377-x-580-px-1024x431.png 1024w, https:\/\/www.semlex.com\/wp-content\/uploads\/2025\/09\/SEMLEX_ZAMBIA_DGA-1377-x-580-px-300x126.png 300w, https:\/\/www.semlex.com\/wp-content\/uploads\/2025\/09\/SEMLEX_ZAMBIA_DGA-1377-x-580-px-768x323.png 768w, https:\/\/www.semlex.com\/wp-content\/uploads\/2025\/09\/SEMLEX_ZAMBIA_DGA-1377-x-580-px.png 1377w\" sizes=\"auto, (max-width: 1024px) 100vw, 1024px\" \/>\t\t\t\t\t\t\t\t\t\t\t\t\t\t\t\t\n\t\t\t\t\t\t\t\t\t\t\t\t\t\t\t\t<div class=\"article_details\">\n\t\t\t\t\t\t\t\t\t\t\t\t\t\t\t\t\t<h3 class=\"article_title\"><a href=\"https:\/\/www.semlex.com\/pt-pt\/2025\/09\/23\/digital-government-africa-2025\/\">Digital Government Africa 2025<\/a><\/h3>\n\t\t\t\t\t\t\t\t\t\t\t\t\t\t\t\t\t<p class=\"article_excerpt\">A Semlex tem o prazer de anunciar a sua participa\u00e7\u00e3o no Digital Government Africa 2025 (DGA2025), um evento de grande import\u00e2ncia que reu&#8230;<\/p>\n\t\t\t\t\t\t\t\t\t\t\t\t\t\t\t\t\t<a class=\"article_read_more\"  href=\"https:\/\/www.semlex.com\/pt-pt\/2025\/09\/23\/digital-government-africa-2025\/\">\n\t\t\t\t\t\t\t\t\t\t\t\t\t\t\t\t\t\t\t\t\t\t\t\t\t\t\t\t\t\t\t\t\t\t<\/a>\n\t\t\t\t\t\t\t\t\t\t\t\t\t\t\t\t<\/div>\n\t\t\t\t\t\t\t\t\t\t\t\t<\/div> \n\t\t\t\t\t\t\t\t\t\t\t\t\t\t\t\t<\/div>\n\n\t\t\t\t\t<!-- If we need pagination -->\n\t\t\t\t\t<div class=\"swiper-pagination\"><\/div>\n\t\t\t\t\t<!-- If we need navigation buttons -->\n\t\t\t\t\t<!-- <div class=\"swiper-button-prev\">Next<\/div>\n\t\t\t\t\t<div class=\"swiper-button-next\"><\/div> -->\n\n\t\t\t<\/div>\n\t\t\t\t\t\n\n\t<\/div>\n\n<\/section>\n\n\n\n\n\n\n\n\n\n\n\n\n\n\n\n","protected":false},"excerpt":{"rendered":"","protected":false},"author":4,"featured_media":0,"parent":0,"menu_order":0,"comment_status":"open","ping_status":"open","template":"","meta":{"_acf_changed":false,"footnotes":""},"class_list":["post-12581","page","type-page","status-publish","hentry"],"acf":[],"yoast_head":"<!-- This site is optimized with the Yoast SEO plugin v25.5 - https:\/\/yoast.com\/wordpress\/plugins\/seo\/ -->\n<title>Home - Semlex<\/title>\n<meta name=\"description\" content=\"A miss\u00e3o da Semlex \u00e9 garantir a cada cidad\u00e3o a seguran\u00e7a da sua identidade.\" \/>\n<meta name=\"robots\" content=\"index, follow, max-snippet:-1, max-image-preview:large, max-video-preview:-1\" \/>\n<link rel=\"canonical\" href=\"https:\/\/www.semlex.com\/pt-pt\/\" \/>\n<meta property=\"og:locale\" content=\"pt_PT\" \/>\n<meta property=\"og:type\" content=\"article\" \/>\n<meta property=\"og:title\" content=\"Home - Semlex\" \/>\n<meta property=\"og:description\" content=\"A miss\u00e3o da Semlex \u00e9 garantir a cada cidad\u00e3o a seguran\u00e7a da sua identidade.\" \/>\n<meta property=\"og:url\" content=\"https:\/\/www.semlex.com\/pt-pt\/\" \/>\n<meta property=\"og:site_name\" content=\"Semlex\" \/>\n<meta property=\"article:publisher\" content=\"https:\/\/www.facebook.com\/semlexgroup\" \/>\n<meta property=\"article:modified_time\" content=\"2025-09-01T12:14:06+00:00\" \/>\n<meta name=\"twitter:card\" content=\"summary_large_image\" \/>\n<script type=\"application\/ld+json\" class=\"yoast-schema-graph\">{\"@context\":\"https:\/\/schema.org\",\"@graph\":[{\"@type\":\"WebPage\",\"@id\":\"https:\/\/www.semlex.com\/pt-pt\/\",\"url\":\"https:\/\/www.semlex.com\/pt-pt\/\",\"name\":\"Home - Semlex\",\"isPartOf\":{\"@id\":\"https:\/\/www.semlex.com\/#website\"},\"datePublished\":\"2022-07-18T05:55:35+00:00\",\"dateModified\":\"2025-09-01T12:14:06+00:00\",\"description\":\"A miss\u00e3o da Semlex \u00e9 garantir a cada cidad\u00e3o a seguran\u00e7a da sua identidade.\",\"breadcrumb\":{\"@id\":\"https:\/\/www.semlex.com\/pt-pt\/#breadcrumb\"},\"inLanguage\":\"pt-PT\",\"potentialAction\":[{\"@type\":\"ReadAction\",\"target\":[\"https:\/\/www.semlex.com\/pt-pt\/\"]}]},{\"@type\":\"BreadcrumbList\",\"@id\":\"https:\/\/www.semlex.com\/pt-pt\/#breadcrumb\",\"itemListElement\":[{\"@type\":\"ListItem\",\"position\":1,\"name\":\"Home\",\"item\":\"https:\/\/www.semlex.com\/pt-pt\/\"},{\"@type\":\"ListItem\",\"position\":2,\"name\":\"Home\"}]},{\"@type\":\"WebSite\",\"@id\":\"https:\/\/www.semlex.com\/#website\",\"url\":\"https:\/\/www.semlex.com\/\",\"name\":\"Semlex\",\"description\":\"For a secure world\",\"publisher\":{\"@id\":\"https:\/\/www.semlex.com\/#organization\"},\"potentialAction\":[{\"@type\":\"SearchAction\",\"target\":{\"@type\":\"EntryPoint\",\"urlTemplate\":\"https:\/\/www.semlex.com\/?s={search_term_string}\"},\"query-input\":{\"@type\":\"PropertyValueSpecification\",\"valueRequired\":true,\"valueName\":\"search_term_string\"}}],\"inLanguage\":\"pt-PT\"},{\"@type\":\"Organization\",\"@id\":\"https:\/\/www.semlex.com\/#organization\",\"name\":\"Semlex\",\"url\":\"https:\/\/www.semlex.com\/\",\"logo\":{\"@type\":\"ImageObject\",\"inLanguage\":\"pt-PT\",\"@id\":\"https:\/\/www.semlex.com\/#\/schema\/logo\/image\/\",\"url\":\"https:\/\/www.semlex.com\/wp-content\/uploads\/2022\/12\/logo_semlex.svg\",\"contentUrl\":\"https:\/\/www.semlex.com\/wp-content\/uploads\/2022\/12\/logo_semlex.svg\",\"caption\":\"Semlex\"},\"image\":{\"@id\":\"https:\/\/www.semlex.com\/#\/schema\/logo\/image\/\"},\"sameAs\":[\"https:\/\/www.facebook.com\/semlexgroup\"]}]}<\/script>\n<!-- \/ Yoast SEO plugin. -->","yoast_head_json":{"title":"Home - Semlex","description":"A miss\u00e3o da Semlex \u00e9 garantir a cada cidad\u00e3o a seguran\u00e7a da sua identidade.","robots":{"index":"index","follow":"follow","max-snippet":"max-snippet:-1","max-image-preview":"max-image-preview:large","max-video-preview":"max-video-preview:-1"},"canonical":"https:\/\/www.semlex.com\/pt-pt\/","og_locale":"pt_PT","og_type":"article","og_title":"Home - Semlex","og_description":"A miss\u00e3o da Semlex \u00e9 garantir a cada cidad\u00e3o a seguran\u00e7a da sua identidade.","og_url":"https:\/\/www.semlex.com\/pt-pt\/","og_site_name":"Semlex","article_publisher":"https:\/\/www.facebook.com\/semlexgroup","article_modified_time":"2025-09-01T12:14:06+00:00","twitter_card":"summary_large_image","schema":{"@context":"https:\/\/schema.org","@graph":[{"@type":"WebPage","@id":"https:\/\/www.semlex.com\/pt-pt\/","url":"https:\/\/www.semlex.com\/pt-pt\/","name":"Home - Semlex","isPartOf":{"@id":"https:\/\/www.semlex.com\/#website"},"datePublished":"2022-07-18T05:55:35+00:00","dateModified":"2025-09-01T12:14:06+00:00","description":"A miss\u00e3o da Semlex \u00e9 garantir a cada cidad\u00e3o a seguran\u00e7a da sua identidade.","breadcrumb":{"@id":"https:\/\/www.semlex.com\/pt-pt\/#breadcrumb"},"inLanguage":"pt-PT","potentialAction":[{"@type":"ReadAction","target":["https:\/\/www.semlex.com\/pt-pt\/"]}]},{"@type":"BreadcrumbList","@id":"https:\/\/www.semlex.com\/pt-pt\/#breadcrumb","itemListElement":[{"@type":"ListItem","position":1,"name":"Home","item":"https:\/\/www.semlex.com\/pt-pt\/"},{"@type":"ListItem","position":2,"name":"Home"}]},{"@type":"WebSite","@id":"https:\/\/www.semlex.com\/#website","url":"https:\/\/www.semlex.com\/","name":"Semlex","description":"For a secure world","publisher":{"@id":"https:\/\/www.semlex.com\/#organization"},"potentialAction":[{"@type":"SearchAction","target":{"@type":"EntryPoint","urlTemplate":"https:\/\/www.semlex.com\/?s={search_term_string}"},"query-input":{"@type":"PropertyValueSpecification","valueRequired":true,"valueName":"search_term_string"}}],"inLanguage":"pt-PT"},{"@type":"Organization","@id":"https:\/\/www.semlex.com\/#organization","name":"Semlex","url":"https:\/\/www.semlex.com\/","logo":{"@type":"ImageObject","inLanguage":"pt-PT","@id":"https:\/\/www.semlex.com\/#\/schema\/logo\/image\/","url":"https:\/\/www.semlex.com\/wp-content\/uploads\/2022\/12\/logo_semlex.svg","contentUrl":"https:\/\/www.semlex.com\/wp-content\/uploads\/2022\/12\/logo_semlex.svg","caption":"Semlex"},"image":{"@id":"https:\/\/www.semlex.com\/#\/schema\/logo\/image\/"},"sameAs":["https:\/\/www.facebook.com\/semlexgroup"]}]}},"_links":{"self":[{"href":"https:\/\/www.semlex.com\/pt-pt\/wp-json\/wp\/v2\/pages\/12581","targetHints":{"allow":["GET"]}}],"collection":[{"href":"https:\/\/www.semlex.com\/pt-pt\/wp-json\/wp\/v2\/pages"}],"about":[{"href":"https:\/\/www.semlex.com\/pt-pt\/wp-json\/wp\/v2\/types\/page"}],"author":[{"embeddable":true,"href":"https:\/\/www.semlex.com\/pt-pt\/wp-json\/wp\/v2\/users\/4"}],"replies":[{"embeddable":true,"href":"https:\/\/www.semlex.com\/pt-pt\/wp-json\/wp\/v2\/comments?post=12581"}],"version-history":[{"count":24,"href":"https:\/\/www.semlex.com\/pt-pt\/wp-json\/wp\/v2\/pages\/12581\/revisions"}],"predecessor-version":[{"id":15341,"href":"https:\/\/www.semlex.com\/pt-pt\/wp-json\/wp\/v2\/pages\/12581\/revisions\/15341"}],"wp:attachment":[{"href":"https:\/\/www.semlex.com\/pt-pt\/wp-json\/wp\/v2\/media?parent=12581"}],"curies":[{"name":"wp","href":"https:\/\/api.w.org\/{rel}","templated":true}]}}